{"id":7933,"date":"2017-09-05T11:41:38","date_gmt":"2017-09-05T11:41:38","guid":{"rendered":"https:\/\/original-militaria.com\/?post_type=product&#038;p=7933"},"modified":"2023-01-03T22:05:36","modified_gmt":"2023-01-03T21:05:36","slug":"pistola-militar-espanola-berrando-circa-1810","status":"publish","type":"product","link":"https:\/\/original-militaria.com\/en\/producto\/pistola-militar-espanola-berrando-circa-1810\/","title":{"rendered":"Spanish Military Pistol by &#8220;Berraondo&#8221; circa 1810&#8212; Pistola Militar Espa\u00f1ola &#8220;Berrando&#8221; circa 1810"},"content":{"rendered":"<p class=\"MsoNormal\" align=\"justify\"><span style=\"font-size: 12pt; font-family: verdana, geneva, sans-serif;\"><strong>ANTECEDENTES:<\/strong> Berrando, Mart\u00edn. Ca\u00f1onista de Eibar y Placencia, 1768. <\/span><\/p>\n<p style=\"text-align: justify;\"><span style=\"font-family: verdana, geneva, sans-serif; font-size: 12pt;\"><strong>DESCRIPCION:<\/strong> Impresionante pistola militar para alg\u00fan alto Jefe del Ejercito con sistema de pedernal circa <strong>1810<\/strong>. Ca\u00f1\u00f3n t\u00edpico espa\u00f1ol ochavado en su primera cuarta y despu\u00e9s cil\u00edndrico de grueso calibre, lleva punz\u00f3n de <strong>&#8220;Berraondo&#8221;<\/strong> en la parte superior del ca\u00f1\u00f3n. Caja de nogal con empu\u00f1adura cuadrillada terminando con pomo plano de lat\u00f3n, tiene baquetero con su baqueta de madera con terminaci\u00f3n de lat\u00f3n, todas las guarniciones de lat\u00f3n. La llave es de patilla espa\u00f1ola y tiene en la pletina la letra <strong>&#8220;B&#8221;<\/strong> lo que indica su fabricaci\u00f3n durante la guerra de la independencia en la Real f\u00e1brica de<strong> &#8220;Bizcaya&#8221;<\/strong>,\u00a0pistolas vascas, en la \u00e9poca se escrib\u00eda Bizcaya en vez de Vizcaya. Un gran ejemplo de pistola espa\u00f1ola de la Guerra de Independencia Espa\u00f1ola<\/span><\/p>\n<p style=\"text-align: justify;\"><span style=\"font-family: verdana, geneva, sans-serif; font-size: 12pt;\">Longitud total 398 mm<\/span><\/p>\n<p style=\"text-align: justify;\"><span style=\"font-family: verdana, geneva, sans-serif; font-size: 12pt;\">Longitud del ca\u00f1\u00f3n 250 mm\u00a0<\/span><\/p>\n<p style=\"text-align: justify;\" align=\"justify\"><span style=\"font-family: verdana, geneva, sans-serif; font-size: 12pt;\"><strong>Nota.-<\/strong> Est\u00e1 inscrito en el libro de coleccionista, lo puede solicitar gratuitamente sin tener licencia en su Intervenci\u00f3n de armas de la Guardia Civil. <\/span><\/p>\n<p style=\"text-align: justify;\"><span style=\"font-family: verdana, geneva, sans-serif; font-size: 12pt;\"><strong>AVISO:<\/strong> Revisa la normativa espa\u00f1ola para la tenencia de armas antes de realizar la compra<\/span><br \/>\n<span style=\"font-family: verdana, geneva, sans-serif;\"> <small><a title=\"Normativa espa\u00f1ola para la tenencia de armas. Guardia Civil.\" href=\"http:\/\/www.guardiacivil.es\/es\/servicios\/armasyexplosivo\/index.html\" target=\"_blank\" rel=\"noopener noreferrer nofollow\"> Guardia Civil (Intervenci\u00f3n de Armas Virtual)<\/a><\/small><\/span><\/p>\n","protected":false},"excerpt":{"rendered":"<p class=\"MsoNormal\" align=\"justify\"><span style=\"font-size: 10pt; font-family: Arial;\"><span style=\"font-family: Verdana; font-size: medium;\"><strong>ANTECEDENTES:<\/strong> Berrando, Mart\u00edn. Ca\u00f1onista de Eibar y Placencia, 1768. <\/span><\/span><\/p>\n<p><strong>DESCRIPCION:<\/strong> Impresionante pistola militar para alg\u00fan alto Jefe del Ejercito con sistema de pedernal circa <span style=\"color: #ff0000;\">1810<\/span>. Ca\u00f1\u00f3n t\u00edpico espa\u00f1ol ochavado en su primera cuarta y despu\u00e9s cil\u00edndrico de grueso calibre, lleva punz\u00f3n de <span style=\"color: #ff0000;\">&#8220;Berraondo&#8221;<\/span> en la parte superior del ca\u00f1\u00f3n. Caja de nogal con empu\u00f1adura cuadrillada terminando con pomo plano de lat\u00f3n, tiene baquetero con su baqueta de madera con terminaci\u00f3n de lat\u00f3n, todas las guarniciones de lat\u00f3n. La llave es de patilla espa\u00f1ola y tiene en la pletina la letra <span style=\"color: #ff0000;\">&#8220;B&#8221; <\/span>lo que indica su fabricaci\u00f3n durante la guerra de la independencia en la Real f\u00e1brica de <span style=\"color: #ff0000;\">&#8220;Bizcaya&#8221;<\/span>,\u00a0pistolas vascas, en la \u00e9poca se escrib\u00eda Bizcaya en vez de Vizcaya. Un gran ejemplo de pistola espa\u00f1ola de la Guerra de Independencia Espa\u00f1ola<\/p>\n<p>Longitud total 398 mm<\/p>\n<p>Longitud del ca\u00f1\u00f3n 250 mm<\/p>\n<p align=\"justify\"><strong><span style=\"font-family: Verdana;\"><span style=\"font-size: medium;\">Nota.-<\/span><\/span><\/strong><span style=\"font-size: medium;\"><span style=\"font-family: Verdana;\"> Est\u00e1 inscrito en el libro de coleccionista, lo puede solicitar gratuitamente sin tener licencia en su Intervenci\u00f3n de armas de la Guardia Civil. <\/span><\/span><\/p>\n<p><strong><span style=\"font-family: Verdana;\">Nota 2.-<\/span><\/strong> Seg\u00fan el <strong><span style=\"font-family: Verdana;\">Art. 107<\/span><\/strong>,\u00a0<strong><span style=\"font-family: Verdana;\">Cap\u00edtulo V<\/span><\/strong>, <strong><span style=\"font-family: Verdana;\">Secci\u00f3n I<\/span><\/strong>, <strong><span style=\"font-family: Verdana;\">p\u00e1rrafo E<\/span><\/strong>, del Reglamento de Armas, tambi\u00e9n se puede comprar <strong><span style=\"font-family: Verdana;\">sin tener libro de coleccionista<\/span><\/strong> ateni\u00e9ndose a la siguiente disposici\u00f3n:<\/p>\n<p>No obstante lo dispuesto en otros preceptos de este Reglamento, se considerar\u00e1 autorizada la posesi\u00f3n en el propio domicilio, sin los requisitos determinados en ellos, de <strong><span style=\"font-family: Verdana;\">un arma de fuego corta o larga<\/span><\/strong> de las no prohibidas a particulares, <strong><span style=\"font-family: Verdana;\">acreditando su especial valor hist\u00f3rico o art\u00edstico<\/span><\/strong>, o de <strong><span style=\"font-family: Verdana;\">dos armas de avancarga<\/span><\/strong>, documentadas con las correspondientes gu\u00edas de pertenencia, <strong><span style=\"font-family: Verdana;\">previa aportaci\u00f3n del informe de aptitud regulado en el art\u00edculo 98<\/span><\/strong>, adoptando las medidas de seguridad necesarias para su custodia y no pudiendo utilizarlas ni enajenarlas, salvo dando cumplimiento a lo dispuesto al respecto en los preceptos espec\u00edficos de este Reglamento. La infracci\u00f3n de lo dispuesto en este apartado tendr\u00e1 la consideraci\u00f3n de grave y llevar\u00e1 aparejada en todo caso la retirada definitiva de las armas de que se trate.<\/p>\n","protected":false},"featured_media":7934,"template":"","meta":[],"product_brand":[],"product_cat":[224],"product_tag":[],"class_list":{"0":"post-7933","1":"product","2":"type-product","3":"status-publish","4":"has-post-thumbnail","6":"product_cat-archivo-vendidos","7":"sales-flash-overlay","8":"woocommerce-text-align-center","9":"woocommerce-image-align-center","10":"do-quantity-buttons","12":"first","13":"outofstock","14":"product-type-simple"},"_links":{"self":[{"href":"https:\/\/original-militaria.com\/en\/wp-json\/wp\/v2\/product\/7933","targetHints":{"allow":["GET"]}}],"collection":[{"href":"https:\/\/original-militaria.com\/en\/wp-json\/wp\/v2\/product"}],"about":[{"href":"https:\/\/original-militaria.com\/en\/wp-json\/wp\/v2\/types\/product"}],"wp:featuredmedia":[{"embeddable":true,"href":"https:\/\/original-militaria.com\/en\/wp-json\/wp\/v2\/media\/7934"}],"wp:attachment":[{"href":"https:\/\/original-militaria.com\/en\/wp-json\/wp\/v2\/media?parent=7933"}],"wp:term":[{"taxonomy":"product_brand","embeddable":true,"href":"https:\/\/original-militaria.com\/en\/wp-json\/wp\/v2\/product_brand?post=7933"},{"taxonomy":"product_cat","embeddable":true,"href":"https:\/\/original-militaria.com\/en\/wp-json\/wp\/v2\/product_cat?post=7933"},{"taxonomy":"product_tag","embeddable":true,"href":"https:\/\/original-militaria.com\/en\/wp-json\/wp\/v2\/product_tag?post=7933"}],"curies":[{"name":"wp","href":"https:\/\/api.w.org\/{rel}","templated":true}]}}