{"id":6880,"date":"2017-09-05T11:36:47","date_gmt":"2017-09-05T11:36:47","guid":{"rendered":"https:\/\/original-militaria.com\/?post_type=product&#038;p=6880"},"modified":"2022-01-31T19:05:54","modified_gmt":"2022-01-31T18:05:54","slug":"luftwaffe-grupo-de-concesiones-con-la-medallas-pase-del-gross-paris-y-album-del-stabsgefreien-georg-samhofer","status":"publish","type":"product","link":"https:\/\/original-militaria.com\/en\/producto\/luftwaffe-grupo-de-concesiones-con-la-medallas-pase-del-gross-paris-y-album-del-stabsgefreien-georg-samhofer\/","title":{"rendered":"Luftwaffe, Group of Concessions with Medals, Photo Album and Gross-Paris Pass of the Stabsgefreiter &#8220;Georg Samhofer&#8221; &#8212; LW\/ Grupo de Concesiones con la Medallas , Pase del Gross-Paris y Alb\u00fam del Stabsgefreiter &#8220;Georg Samhofer&#8221;"},"content":{"rendered":"<p align=\"justify\"><span style=\"font-family: verdana, geneva, sans-serif; font-size: 12pt;\"><strong>ANTECEDENTES:<\/strong> Al inicio de la guerra en 1939, Alemania contaba con un peque\u00f1o numero de unidades de seguridad conformadas como batallones Landessch\u00fctzen organizados bajo el mando de tres Regimientos Landessch\u00fctzen. De estos mandos originales se conformaron 23 mandos de regimiento durante la conformaci\u00f3n de la 9\u00b0 ola de Reclutamiento. Muchos de los batallones Landessch\u00fctzen fueron absorbidos eventualmente en el Ej\u00e9rcito regular, pero muchos de ellos continuaron existiendo hasta el final de la guerra. Fue al inicio de la Campa\u00f1a en Rusia se decidi\u00f3 la constituci\u00f3n de regimientos de seguridad en cada Grupo de Ej\u00e9rcitos destinados a proteger la retaguardia. Estos regimientos estaban constituidos por seis compa\u00f1\u00edas en bicicleta, siete compa\u00f1\u00edas antitanque y ocho escuadrones de reconocimiento. Fueron numerados como 2\u00b0, 3\u00b0 y 4\u00b0 Regimientos de Seguridad y asignados a los Grupos de Ej\u00e9rcitos Centro, Norte y Sur respectivamente. Las divisiones de seguridad fueron las primeras unidades del ej\u00e9rcito alem\u00e1n en aceptar voluntarios de otras nacionalidades y organizar unidades de caballer\u00eda y carros blindados con material capturado. <\/span><\/p>\n<p align=\"justify\"><span style=\"font-family: verdana, geneva, sans-serif; font-size: 12pt;\"><strong>DESCRIPCION:<\/strong> Grupo de concesiones y medallas, pase &#8220;Der kommandant von Gross-Paris&#8221; y \u00e1lbum del operador Stabsgefreiten <strong>&#8220;Samhofer&#8221;<\/strong> de la Luftwaffe. <\/span><\/p>\n<p align=\"justify\"><span style=\"font-family: verdana, geneva, sans-serif; font-size: 12pt;\"><strong>Consta:<\/strong><\/span><\/p>\n<p align=\"justify\"><span style=\"font-family: verdana, geneva, sans-serif; font-size: 12pt;\"><strong>1\/<\/strong> Medalla 1\u00ba de octubre de 1938 con concesi\u00f3n el 22 de septiembre de 1939<\/span><\/p>\n<p align=\"justify\"><span style=\"font-family: verdana, geneva, sans-serif; font-size: 12pt;\"><strong>2\/<\/strong> Medalla del frente del este (Ostmedaille) tambi\u00e9n conocida como la &#8220;medalla de la carne congelada&#8221; con concesi\u00f3n del 15 de junio de 1942\u00a0firmada por el General de la Luftwaffe &#8220;Fischer&#8221;.<\/span><\/p>\n<p align=\"justify\"><span style=\"font-family: verdana, geneva, sans-serif; font-size: 12pt;\"><strong>3\/<\/strong>\u00a0Concesi\u00f3n de la Cruz al M\u00e9rito de Guerra con Espadas de segunda clase (Kriegsverdienskreuz) del 22 de agosto de 1944 estando asignado al 4\u00ba de<strong> Landessch\u00fctzen<\/strong> (Ldsch) o unidades de seguridad (raro). <strong>No entra la KVK aunque salga en la foto principal.<\/strong><\/span><\/p>\n<p align=\"justify\"><span style=\"font-family: verdana, geneva, sans-serif; font-size: 12pt;\"><strong>4\/<\/strong> Distintivo de herido en negro con concesi\u00f3n del 30 de abril de 1945, d\u00e1ndoselo por caer herido en una escaramuza el 27 del mismo mes. <\/span><\/p>\n<p align=\"justify\"><span style=\"font-family: verdana, geneva, sans-serif; font-size: 12pt;\"><strong>5\/<\/strong> \u00c1lbum con 24 fotos y postales. <\/span><\/p>\n<p align=\"justify\"><span style=\"font-family: Verdana; font-size: medium;\"><span style=\"font-size: 12pt; font-family: verdana, geneva, sans-serif;\"><strong>6\/<\/strong> Pase &#8220;Der kommandant von Gross-Par\u00eds&#8221; de fecha 30 de septiembre de 1942.<\/span><br \/>\n<\/span><\/p>\n","protected":false},"excerpt":{"rendered":"<p align=\"justify\"><span style=\"font-family: Verdana; font-size: medium;\"><strong>ANTECEDENTES:<\/strong> Al inicio de la guerra en 1939, Alemania contaba con un peque\u00f1o numero de unidades de seguridad conformadas como batallones Landessch\u00fctzen organizados bajo el mando de tres Regimientos Landessch\u00fctzen. De estos mandos originales se conformaron 23 mandos de regimiento durante la conformaci\u00f3n de la 9\u00b0 ola de Reclutamiento. Muchos de los batallones Landessch\u00fctzen fueron absorbidos eventualmente en el Ej\u00e9rcito regular, pero muchos de ellos continuaron existiendo hasta el final de la guerra. Fue al inicio de la Campa\u00f1a en Rusia se decidi\u00f3 la constituci\u00f3n de regimientos de seguridad en cada Grupo de Ej\u00e9rcitos destinados a proteger la retaguardia. Estos regimientos estaban constituidos por seis compa\u00f1\u00edas en bicicleta, siete compa\u00f1\u00edas antitanque y ocho escuadrones de reconocimiento. Fueron numerados como 2\u00b0, 3\u00b0 y 4\u00b0 Regimientos de Seguridad y asignados a los Grupos de Ej\u00e9rcitos Centro, Norte y Sur respectivamente. Las divisiones de seguridad fueron las primeras unidades del ej\u00e9rcito alem\u00e1n en aceptar voluntarios de otras nacionalidades y organizar unidades de caballer\u00eda y carros blindados con material capturado. <\/span><\/p>\n<p align=\"justify\"><span style=\"font-family: Verdana; font-size: medium;\"><strong>DESCRIPCION:<\/strong> Grupo de concesiones y medallas, pase &#8220;Der kommandant von Gross-Paris&#8221; y alb\u00fam del operador\u00a0Stabsgefreiten <span style=\"color: #ff0000;\">&#8220;Samhofer&#8221;<\/span> de la Luftwaffe. <\/span><\/p>\n<p align=\"justify\"><span style=\"font-family: Verdana; font-size: medium;\"><strong>Consta:<\/strong><\/span><\/p>\n<p align=\"justify\"><span style=\"font-family: Verdana; font-size: medium;\"><strong>1\/<\/strong> Medalla 1\u00ba de octubre de 1938 con concesi\u00f3n el 22 de septiembre de 1939<\/span><\/p>\n<p align=\"justify\"><span style=\"font-family: Verdana; font-size: medium;\"><strong>2\/<\/strong> Medalla del frente del este (Ostmedaille) tambi\u00e9n conocida como la &#8220;medalla de la carne congelada&#8221; con concesi\u00f3n del 15 de junio de 1942\u00a0firmada por el General de la Luftwaffe &#8220;Fischer&#8221;.<\/span><\/p>\n<p align=\"justify\"><span style=\"font-family: Verdana; font-size: medium;\"><strong>3\/<\/strong>\u00a0Concesi\u00f3n de la Cruz al M\u00e9rito de Guerra con Espadas de segunda clase (Kriegsverdienskreuz) del 22 de agosto de 1944 estando asignado al 4\u00ba de Landessch\u00fctzen (Ldsch) o unidades de seguridad (raro)<\/span><\/p>\n<p align=\"justify\"><span style=\"font-family: Verdana; font-size: medium;\"><strong>4\/<\/strong> Distintivo de herido en negro con concesi\u00f3n del\u00a030 de abril de 1945, dandoselo por caer herido en una escaramuza el 27 del mismo mes. <\/span><\/p>\n<p align=\"justify\"><span style=\"font-family: Verdana; font-size: medium;\"><strong>5\/<\/strong> Alb\u00fam\u00a0con 24 fotos y 5 postales. <\/span><\/p>\n<p align=\"justify\"><span style=\"font-family: Verdana; font-size: medium;\"><strong>6\/<\/strong>\u00a0Pase &#8220;Der kommandant von Gross-Paris&#8221; de fecha 30 de septiembre de 1942.<br \/>\n<\/span><\/p>\n","protected":false},"featured_media":6881,"template":"","meta":[],"product_brand":[],"product_cat":[172,224],"product_tag":[],"class_list":{"0":"post-6880","1":"product","2":"type-product","3":"status-publish","4":"has-post-thumbnail","6":"product_cat-militaria-alemana-ww2","7":"product_cat-archivo-vendidos","8":"sales-flash-overlay","9":"woocommerce-text-align-center","10":"woocommerce-image-align-center","11":"do-quantity-buttons","13":"first","14":"outofstock","15":"product-type-simple"},"_links":{"self":[{"href":"https:\/\/original-militaria.com\/en\/wp-json\/wp\/v2\/product\/6880","targetHints":{"allow":["GET"]}}],"collection":[{"href":"https:\/\/original-militaria.com\/en\/wp-json\/wp\/v2\/product"}],"about":[{"href":"https:\/\/original-militaria.com\/en\/wp-json\/wp\/v2\/types\/product"}],"wp:featuredmedia":[{"embeddable":true,"href":"https:\/\/original-militaria.com\/en\/wp-json\/wp\/v2\/media\/6881"}],"wp:attachment":[{"href":"https:\/\/original-militaria.com\/en\/wp-json\/wp\/v2\/media?parent=6880"}],"wp:term":[{"taxonomy":"product_brand","embeddable":true,"href":"https:\/\/original-militaria.com\/en\/wp-json\/wp\/v2\/product_brand?post=6880"},{"taxonomy":"product_cat","embeddable":true,"href":"https:\/\/original-militaria.com\/en\/wp-json\/wp\/v2\/product_cat?post=6880"},{"taxonomy":"product_tag","embeddable":true,"href":"https:\/\/original-militaria.com\/en\/wp-json\/wp\/v2\/product_tag?post=6880"}],"curies":[{"name":"wp","href":"https:\/\/api.w.org\/{rel}","templated":true}]}}