{"id":14177,"date":"2017-09-05T12:16:09","date_gmt":"2017-09-05T12:16:09","guid":{"rendered":"https:\/\/original-militaria.com\/?post_type=product&#038;p=14177"},"modified":"2022-01-31T19:08:46","modified_gmt":"2022-01-31T18:08:46","slug":"wh-da-personalausweis-concesiones-y-17-documentos-de-un-soldado-del-rgt-263-vierna","status":"publish","type":"product","link":"https:\/\/original-militaria.com\/en\/producto\/wh-da-personalausweis-concesiones-y-17-documentos-de-un-soldado-del-rgt-263-vierna\/","title":{"rendered":"Wehrmacht\/ Blue Division Documents&#8212;WH\/DA, Personalausweis, 2 Concesiones, 2 Certificados de Concesiones, 16 Documentos y Cuadro de Honor de Murcia Capital de un Soldado del &#8220;Rgt. 263, Vierna&#8221;"},"content":{"rendered":"<p style=\"text-align: justify\"><span style=\"font-family: verdana,geneva,sans-serif;font-size: 12pt\"><span style=\"line-height: 250%\">Conjunto documental compuesto por 21 diversos documentos de un soldado de infanter\u00eda\u00a0de la Divisi\u00f3n Azul Espa\u00f1ola del\u00a0&#8220;Regimiento de Infanter\u00eda 263, Regimiento Vierna&#8221;.\u00a0\u00a0 <\/span><span style=\"line-height: 250%\"><strong>Se compone de lo siguiente:<\/strong><\/span><\/span><\/p>\n<p style=\"text-align: justify\"><span style=\"font-family: verdana,geneva,sans-serif;font-size: 12pt\"><span style=\"line-height: 250%\"><strong>1\/<\/strong> Su carnet de identidad &#8220;Personalausweis&#8221; completo con todas sus paginas en excelente estado<\/span><\/span><\/p>\n<p style=\"text-align: justify\"><span style=\"font-family: verdana,geneva,sans-serif;font-size: 12pt\"><span style=\"line-height: 250%\"><strong>2\/<\/strong> Concesi\u00f3n de la &#8220;Ostmedaille&#8221;, la\u00a0Medalla de la Campa\u00f1a de Invierno del Este 1941\/42, tambi\u00e9n conocida como la &#8220;Orden de la carne congelada&#8221;, rara, en excelente estado, sin agujeros. Est\u00e1 firmada por el &#8220;Generalmajor Hans Doerr&#8221;, condecorado por su intervenci\u00f3n en la &#8220;Operaci\u00f3n Barbarroja&#8221; el 8 de octubre de 1942 con\u00a0la Cruz Alemana de Oro. Jefe del personal de enlace alem\u00e1n para el cuarto ej\u00e9rcito rumano durante la batalla de Stalingrado.\u00a0 Agregado Militar en la Embajada en Madrid.<\/span><\/span><\/p>\n<p style=\"text-align: justify\"><span style=\"font-family: verdana,geneva,sans-serif;font-size: 12pt\"><span style=\"line-height: 250%\"><strong>3\/ <\/strong>Concesi\u00f3n de la &#8220;Erinnerungsmedaille f\u00fcr die spanischen freiwilligen im kampf gegen den bolschewismus&#8221;, la Medalla de la Divisi\u00f3n Azul, en excelente estado, sin agujeros. Est\u00e1 firmada por\u00a0el &#8220;Generaloberts Georg Heinrich Lindermann&#8221;.\u00a0Cruz de caballero de la Cruz de hierro con hojas de roble (Ritterkreuz des Eisernen Kreuzes mit Eichenlaub).\u00a0<\/span><\/span><\/p>\n<p style=\"text-align: justify\"><span style=\"font-family: verdana,geneva,sans-serif;font-size: 12pt\"><span style=\"line-height: 250%\"><strong>4\/<\/strong>\u00a0Concesi\u00f3n del primer modelo de la &#8220;Cruz Roja al Merito Militar&#8221;,\u00a0\u00a0fechada el 1 de diciembre de 1942, firmada por Mu\u00f1oz Grandes, en muy buen estado de conservaci\u00f3n.<\/span><\/span><\/p>\n<p style=\"text-align: justify\"><span style=\"font-family: verdana,geneva,sans-serif;font-size: 12pt\">\u00a0<span style=\"line-height: 250%\"><strong>5\/<\/strong> Certificado\u00a0de la Concesi\u00f3n de &#8220;La Cinta de Medalla de la Campa\u00f1a de Invierno del Este 1941\/42&#8221;, concedida el 30 de diciembre de 1942.<\/span><\/span><\/p>\n<p style=\"text-align: justify\"><span style=\"font-family: verdana,geneva,sans-serif;font-size: 12pt\"><span style=\"line-height: 250%\"><strong>6\/<\/strong> Certificado expedido por el Capit\u00e1n Jefe de la Plana Mayor del Regimiento &#8220;Vierna&#8221; 263 de servicios prestado desde 1 de julio de 1941 hasta el 25 de\u00a0junio de 1942.<\/span><\/span><\/p>\n<p style=\"text-align: justify\"><span style=\"font-family: verdana,geneva,sans-serif;font-size: 12pt\"><span style=\"line-height: 250%\"><strong>7\/<\/strong> Copia literal del certificado del Capit\u00e1n Jefe de la Plana Mayor del Regimiento &#8220;Vierna&#8221; 263, indicando sus servicios y licenciatura con intachable conducta habiendo tomado parte en todas las operaciones donde intervino su unidad, firmado en Rusia en 25 de mayo de 1942. <\/span><\/span><\/p>\n<p style=\"text-align: justify\"><span style=\"font-family: verdana,geneva,sans-serif;font-size: 12pt\"><span style=\"line-height: 250%\"><strong>8\/<\/strong> Copia literal del certificado del Teniente Comandante de la secci\u00f3n de Transmisiones de la C\u00eda. de la Plana Mayor Regimental del Regimiento &#8220;Vierna 263&#8221;, certificando que estuvo en dicha secci\u00f3n prestando servicios desde el d\u00eda 7 de julio de 1941, expedido en Campa\u00f1a (Rusia) .<\/span><\/span><\/p>\n<p style=\"text-align: justify\"><span style=\"font-family: verdana,geneva,sans-serif;font-size: 12pt\"><span style=\"line-height: 250%\"><strong>9\/<\/strong> Copia literal del &#8220;Titulo de Voluntario de la Divisi\u00f3n Azul&#8221;, n\u00famero 14.132.<\/span><\/span><\/p>\n<p style=\"text-align: justify\"><span style=\"font-family: verdana,geneva,sans-serif;font-size: 12pt\"><span style=\"line-height: 250%\"><strong>10\/<\/strong> Copia literal del Certificado del Jefe Provincial de la Milicia Nacional de F.E.T y de las J.O.N.S. certificando su ingreso en la Divisi\u00f3n Azul y su licenciamiento.<\/span><\/span><\/p>\n<p style=\"text-align: justify\"><span style=\"font-family: verdana,geneva,sans-serif;font-size: 12pt\"><span style=\"line-height: 250%\"><strong>11\/<\/strong> Copia literal del Carnet del Partido de F.E.T y de las J.O.N.S<\/span><\/span><\/p>\n<p style=\"text-align: justify\"><span style=\"font-family: verdana,geneva,sans-serif;font-size: 12pt\"><span style=\"line-height: 250%\"><strong>12\/<\/strong> Copia literal del Carnet de Milicia Nacional de F.E.T y de las J.O.N.S<\/span><\/span><\/p>\n<p style=\"text-align: justify\"><span style=\"font-family: verdana,geneva,sans-serif;font-size: 12pt\"><span style=\"line-height: 250%\"><strong>13\/<\/strong> Copia firmada por el Comisario de Guerra del certificado acreditativo de la licenciatura de este divisionario y entrega de las piezas de vestuario, equipo alem\u00e1n y legitimaciones alemanas, en alem\u00e1n y espa\u00f1ol.<\/span><\/span><\/p>\n<p style=\"text-align: justify\"><span style=\"font-family: verdana,geneva,sans-serif;font-size: 12pt\"><span style=\"line-height: 250%\"><strong>14\/<\/strong> Copia del Testimonio Notarial de haber sido licenciado de la Divisi\u00f3n Azul y haber entregado las piezas de vestuario, equipo alem\u00e1n y legitimaciones alemanas, en alem\u00e1n y espa\u00f1ol.<\/span><\/span><\/p>\n<p style=\"text-align: justify\"><span style=\"font-family: verdana,geneva,sans-serif;font-size: 12pt\"><span style=\"line-height: 250%\"><strong>15\/<\/strong> Documento Notarial de dos paginas a doble cara testimoniando haber entregado las piezas de vestuario, equipo alem\u00e1n y legitimaciones alemanas, en alem\u00e1n y espa\u00f1ol.<\/span><\/span><\/p>\n<p style=\"text-align: justify\"><span style=\"font-family: verdana,geneva,sans-serif;font-size: 12pt\"><span style=\"line-height: 250%\"><strong>16\/<\/strong> Documento en alem\u00e1n y espa\u00f1ol certificando su ingreso y licenciatura en la Divisi\u00f3n Azul.<\/span><\/span><\/p>\n<p style=\"text-align: justify\"><span style=\"font-family: verdana,geneva,sans-serif;font-size: 12pt\"><span style=\"line-height: 250%\"><strong>17\/<\/strong> Un certificado de la empresa de Vapores de Sevilla &#8220;Ybarra y C\u00eda.&#8221;, de haber hecho practicas de contabilidad y caja, firmado el 12 de mayo de 1943.<\/span><\/span><\/p>\n<p style=\"text-align: justify\"><span style=\"font-family: verdana,geneva,sans-serif;font-size: 12pt\"><span style=\"line-height: 250%\"><strong>18\/<\/strong> Un recibo de Mando de fecha 11 de junio de 1942, enviando 325 pesetas a su madre.<\/span><\/span><\/p>\n<p style=\"text-align: justify\"><span style=\"font-family: verdana,geneva,sans-serif;font-size: 12pt\"><span style=\"line-height: 250%\"><strong>19\/<\/strong> Certificado (partido) firmado por el Teco de Infanter\u00eda y Jefe Provincial d la Milicia Nacional de Falange certificando su alistamiento y relevo en este Regimiento.<\/span><\/span><\/p>\n<p style=\"text-align: justify\"><span style=\"font-family: verdana,geneva,sans-serif;font-size: 12pt\"><span style=\"line-height: 250%\"><strong>20\/<\/strong> Carnet de concesi\u00f3n de la medalla de &#8220;Vieja Guardia de F.E.T y de las J.O.N.S&#8221;\u00a0de 1936, completo,\u00a0se indica que llevaba cinta\u00a0con &#8220;Aspas de Borgo\u00f1a&#8221;.<\/span><\/span><\/p>\n<p style=\"text-align: justify\"><span style=\"font-family: verdana,geneva,sans-serif;font-size: 12pt\"><span style=\"line-height: 250%\"><strong>21\/<\/strong> Carnet de militante de &#8220;F.E.T y de las J.O.N.S&#8221; de fecha 15 de octubre de 1953.<\/span><\/span><\/p>\n<p><span style=\"font-family: verdana, geneva, sans-serif;font-size: 12pt\"><strong>22\/<\/strong> Cuadro de Honor de los voluntarios de la Divisi\u00f3n Azul de Murcia Capital<\/span><\/p>\n","protected":false},"excerpt":{"rendered":"<p><strong><span style=\"font-size: medium\"><span style=\"font-family: Arial;line-height: 250%\"><span style=\"font-family: Verdana\">DESCRIPCION:<\/span><\/span><\/span><\/strong><span style=\"font-size: medium\"><span style=\"font-family: Arial;line-height: 250%\"><span style=\"font-family: Verdana\"> C<\/span><span style=\"font-family: Verdana\">onjunto documental compuesto por 21 diversos documentos de un soldado de infanter\u00eda\u00a0de la Divisi\u00f3n Azul Espa\u00f1ola del\u00a0<span style=\"color: #ff0000\">&#8220;Regimiento de Infanter\u00eda 263, Regimiento Vierna&#8221;<\/span>.\u00a0\u00a0 <\/span><\/span><\/span><span style=\"font-size: medium\"><span style=\"font-family: Arial;line-height: 250%\"><strong><span style=\"font-family: Verdana\">Se compone de lo siguiente:<\/span><\/strong><\/span><\/span><\/p>\n<p style=\"text-align: justify\"><span style=\"font-size: medium\"><span style=\"font-family: Arial;line-height: 250%\"><span style=\"font-family: Verdana\"><strong>1\/<\/strong> Su carnet de identidad <span style=\"color: #ff0000\">&#8220;Personalausweis&#8221;<\/span> completo con todas sus paginas en excelente estado<\/span><\/span><\/span><\/p>\n<p style=\"text-align: justify\"><span style=\"font-size: medium\"><span style=\"font-family: Arial;line-height: 250%\"><span style=\"font-family: Verdana\"><strong>2\/<\/strong> Concesi\u00f3n de la <span style=\"color: #ff0000\">&#8220;Ostmedaille&#8221;<\/span>, la\u00a0Medalla de la Campa\u00f1a de Invierno del Este 1941\/42, tambi\u00e9n conocida como la &#8220;Orden de la carne congelada&#8221;, <span style=\"color: #ff0000\">rara<\/span>, en excelente estado, sin agujeros. Est\u00e1 firmada por el <span style=\"color: #ff0000\">&#8220;Generalmajor Hans Doerr&#8221;<\/span>, condecorado por su intervenci\u00f3n en la <span style=\"color: #ff0000\">&#8220;Operaci\u00f3n Barbarroja&#8221;<\/span> el 8 de octubre de 1942 con\u00a0la Cruz Alemana de Oro. Jefe del personal de enlace alem\u00e1n para el cuarto ej\u00e9rcito rumano durante la batalla de Stalingrado.\u00a0 Agregado Militar en la Embajada en Madrid.<\/span><\/span><\/span><\/p>\n<p style=\"text-align: justify\"><span style=\"font-size: medium\"><span style=\"font-family: Arial;line-height: 250%\"><span style=\"font-family: Verdana\"><strong>3\/ <\/strong>Concesi\u00f3n de la <span style=\"color: #ff0000\">&#8220;Erinnerungsmedaille f\u00fcr die spanischen freiwilligen im kampf gegen den bolschewismus<\/span><span style=\"color: #ff0000\">&#8220;<\/span>, la Medalla de la Divisi\u00f3n Azul, en excelente estado, sin agujeros. Est\u00e1 firmada por\u00a0el <span style=\"color: #ff0000\">&#8220;Generaloberts Georg Heinrich Lindermann&#8221;<\/span>.\u00a0Cruz de caballero de la Cruz de hierro con hojas de roble (Ritterkreuz des Eisernen Kreuzes mit Eichenlaub).\u00a0<\/span><\/span><\/span><\/p>\n<p style=\"text-align: justify\"><span style=\"font-size: medium\"><span style=\"font-family: Arial;line-height: 250%\"><span style=\"font-family: Verdana\"><strong>4\/<\/strong>\u00a0Concesi\u00f3n del primer modelo de la <span style=\"color: #ff0000\">&#8220;Cruz Roja al Merito Militar&#8221;<\/span>,\u00a0\u00a0fechada el 1 de diciembre de 1942, firmada por Mu\u00f1oz Grandes, en muy buen estado de conservaci\u00f3n.<\/span><\/span><\/span><\/p>\n<p>\u00a0<span style=\"font-size: medium\"><span style=\"font-family: Arial;line-height: 250%\"><span style=\"font-family: Verdana\"><strong>5\/<\/strong> Certificado\u00a0de la Concesi\u00f3n de <span style=\"color: #ff0000\">&#8220;La Cinta de Medalla de la Campa\u00f1a de Invierno del Este 1941\/42&#8221;<\/span>, concedida el 30 de diciembre de 1942.<\/span><\/span><\/span><\/p>\n<p style=\"text-align: justify\"><span style=\"font-size: medium\"><span style=\"font-family: Arial;line-height: 250%\"><span style=\"font-family: Verdana\"><strong>6\/<\/strong> Certificado expedido por el Capit\u00e1n Jefe de la Plana Mayor del Regimiento <span style=\"color: #ff0000\">&#8220;<\/span><span style=\"color: #ff0000\">Vierna&#8221;<\/span> 263 de servicios prestado desde 1 de julio de 1941 hasta el 25 de\u00a0junio de 1942.<\/span><\/span><\/span><\/p>\n<p style=\"text-align: justify\"><span style=\"font-size: medium\"><span style=\"font-family: Arial;line-height: 250%\"><span style=\"font-family: Verdana\"><strong>7\/<\/strong> Copia literal del certificado del Capit\u00e1n Jefe de la Plana Mayor del Regimiento <span style=\"color: #ff0000\">&#8220;<\/span><span style=\"color: #ff0000\">Vierna&#8221;<\/span> 263, indicando sus servicios y licenciatura con intachable conducta habiendo tomado parte en todas las operaciones donde intervino su unidad, firmado en Rusia en 25 de mayo de 1942. <\/span><\/span><\/span><\/p>\n<p style=\"text-align: justify\"><span style=\"font-size: medium\"><span style=\"font-family: Arial;line-height: 250%\"><span style=\"font-family: Verdana\"><strong>8\/<\/strong> Copia literal del certificado del Teniente Comandante de la secci\u00f3n de Transmisiones de la C\u00eda. de la Plana Mayor Regimental del Regimiento <span style=\"color: #ff0000\">&#8220;Vierna 263&#8221;<\/span>, certificando que estuvo en dicha secci\u00f3n prestando servicios desde el d\u00eda 7 de julio de 1941, <span style=\"color: #ff0000\">expedido en Campa\u00f1a (Rusia) <\/span>.<\/span><\/span><\/span><\/p>\n<p style=\"text-align: justify\"><span style=\"font-size: medium\"><span style=\"font-family: Arial;line-height: 250%\"><span style=\"font-family: Verdana\"><strong>9\/<\/strong> Copia literal del <span style=\"color: #ff0000\">&#8220;Titulo de Voluntario de la Divisi\u00f3n Azul&#8221;<\/span>, n\u00famero 14.132.<\/span><\/span><\/span><\/p>\n<p style=\"text-align: justify\"><span style=\"font-size: medium\"><span style=\"font-family: Arial;line-height: 250%\"><span style=\"font-family: Verdana\"><strong>10\/<\/strong> Copia literal del Certificado del Jefe Provincial de la Milicia Nacional de F.E.T y de las J.O.N.S. certificando su ingreso en la Divisi\u00f3n Azul y su licenciamiento.<\/span><\/span><\/span><\/p>\n<p style=\"text-align: justify\"><span style=\"font-size: medium\"><span style=\"font-family: Arial;line-height: 250%\"><span style=\"font-family: Verdana\"><strong>11\/<\/strong> Copia literal del <span style=\"color: #ff0000\">Carnet del Partido de F.E.T y de las J.O.N.S<\/span><\/span><\/span><\/span><\/p>\n<p style=\"text-align: justify\"><span style=\"font-size: medium\"><span style=\"font-family: Arial;line-height: 250%\"><span style=\"font-family: Verdana\"><strong>12\/<\/strong> Copia literal del <span style=\"color: #ff0000\">Carnet de Milicia Nacional de F.E.T y de las J.O.N.S<\/span><\/span><\/span><\/span><\/p>\n<p style=\"text-align: justify\"><span style=\"font-size: medium\"><span style=\"font-family: Arial;line-height: 250%\"><span style=\"font-family: Verdana\"><strong>13\/<\/strong> Copia firmada por el Comisario de Guerra del certificado acreditativo de la licenciatura de este divisionario y entrega de las piezas de vestuario, equipo alem\u00e1n y legitimaciones alemanas, en alem\u00e1n y espa\u00f1ol.<\/span><\/span><\/span><\/p>\n<p style=\"text-align: justify\"><span style=\"font-size: medium\"><span style=\"font-family: Arial;line-height: 250%\"><span style=\"font-family: Verdana\"><strong>14\/<\/strong> Copia del Testimonio Notarial de haber sido licenciado de la Divisi\u00f3n Azul y haber entregado las piezas de vestuario, equipo alem\u00e1n y legitimaciones alemanas, en alem\u00e1n y espa\u00f1ol.<\/span><\/span><\/span><\/p>\n<p style=\"text-align: justify\"><span style=\"font-size: medium\"><span style=\"font-family: Arial;line-height: 250%\"><span style=\"font-family: Verdana\"><strong>15\/<\/strong> Documento Notarial de dos paginas a doble cara testimoniando haber entregado las piezas de vestuario, equipo alem\u00e1n y legitimaciones alemanas, en alem\u00e1n y espa\u00f1ol.<\/span><\/span><\/span><\/p>\n<p style=\"text-align: justify\"><span style=\"font-size: medium\"><span style=\"font-family: Arial;line-height: 250%\"><span style=\"font-family: Verdana\"><strong>16\/<\/strong> Documento en alem\u00e1n y espa\u00f1ol certificando su ingreso y licenciatura en la Divisi\u00f3n Azul.<\/span><\/span><\/span><\/p>\n<p style=\"text-align: justify\"><span style=\"font-size: medium\"><span style=\"font-family: Arial;line-height: 250%\"><span style=\"font-family: Verdana\"><strong>17\/<\/strong> Un certificado de la empresa de Vapores de Sevilla &#8220;Ybarra y C\u00eda.&#8221;, de haber hecho practicas de contabilidad y caja, firmado el 12 de mayo de 1943.<\/span><\/span><\/span><\/p>\n<p style=\"text-align: justify\"><span style=\"font-size: medium\"><span style=\"font-family: Arial;line-height: 250%\"><span style=\"font-family: Verdana\"><strong>18\/<\/strong> Un recibo de Mando de fecha 11 de junio de 1942, enviando 325 pesetas a su madre.<\/span><\/span><\/span><\/p>\n<p style=\"text-align: justify\"><span style=\"font-size: medium\"><span style=\"font-family: Arial;line-height: 250%\"><span style=\"font-family: Verdana\"><strong>19\/<\/strong> Certificado (partido) firmado por el Teco de Infanter\u00eda y Jefe Provincial d la Milicia Nacional de Falange certificando su alistamiento y relevo en este Regimiento.<\/span><\/span><\/span><\/p>\n<p style=\"text-align: justify\"><span style=\"font-size: medium\"><span style=\"font-family: Arial;line-height: 250%\"><span style=\"font-family: Verdana\"><strong>20\/<\/strong> Carnet de concesi\u00f3n de la medalla de <span style=\"color: #ff0000\">&#8220;Vieja Guardia de <\/span><\/span><span style=\"color: #ff0000\"><span style=\"font-family: Verdana\">F.E.T y de las J.O.N.S<\/span><\/span><span style=\"font-family: Verdana\"><span style=\"color: #ff0000\">&#8221;\u00a0<\/span>de 1936, completo,\u00a0se indica que llevaba cinta\u00a0con <span style=\"color: #ff0000\">&#8220;Aspas de Borgo\u00f1a&#8221;<\/span>.<\/span><\/span><\/span><\/p>\n<p style=\"text-align: justify\"><span style=\"font-size: medium\"><span style=\"font-family: Arial;line-height: 250%\"><span style=\"font-family: Verdana\"><strong>21\/<\/strong> Carnet de militante de <span style=\"color: #ff0000\">&#8220;<\/span><\/span><span style=\"color: #ff0000\"><span style=\"font-family: Verdana\">F.E.T y de las J.O.N.S<\/span><\/span><span style=\"font-family: Verdana\"><span style=\"color: #ff0000\">&#8220;<\/span> de fecha 15 de octubre de 1953.<\/span><\/span><\/span><\/p>\n","protected":false},"featured_media":14178,"template":"","meta":[],"product_brand":[],"product_cat":[224],"product_tag":[],"class_list":{"0":"post-14177","1":"product","2":"type-product","3":"status-publish","4":"has-post-thumbnail","6":"product_cat-archivo-vendidos","7":"sales-flash-overlay","8":"woocommerce-text-align-center","9":"woocommerce-image-align-center","10":"do-quantity-buttons","12":"first","13":"outofstock","14":"product-type-simple"},"_links":{"self":[{"href":"https:\/\/original-militaria.com\/en\/wp-json\/wp\/v2\/product\/14177","targetHints":{"allow":["GET"]}}],"collection":[{"href":"https:\/\/original-militaria.com\/en\/wp-json\/wp\/v2\/product"}],"about":[{"href":"https:\/\/original-militaria.com\/en\/wp-json\/wp\/v2\/types\/product"}],"wp:featuredmedia":[{"embeddable":true,"href":"https:\/\/original-militaria.com\/en\/wp-json\/wp\/v2\/media\/14178"}],"wp:attachment":[{"href":"https:\/\/original-militaria.com\/en\/wp-json\/wp\/v2\/media?parent=14177"}],"wp:term":[{"taxonomy":"product_brand","embeddable":true,"href":"https:\/\/original-militaria.com\/en\/wp-json\/wp\/v2\/product_brand?post=14177"},{"taxonomy":"product_cat","embeddable":true,"href":"https:\/\/original-militaria.com\/en\/wp-json\/wp\/v2\/product_cat?post=14177"},{"taxonomy":"product_tag","embeddable":true,"href":"https:\/\/original-militaria.com\/en\/wp-json\/wp\/v2\/product_tag?post=14177"}],"curies":[{"name":"wp","href":"https:\/\/api.w.org\/{rel}","templated":true}]}}